{"id":6085,"date":"2021-08-20T00:02:58","date_gmt":"2021-08-19T22:02:58","guid":{"rendered":"https:\/\/digitalhistory.unite.it\/lo-stile-mestizo-del-barocco-andino\/"},"modified":"2021-11-23T15:27:14","modified_gmt":"2021-11-23T14:27:14","slug":"lo-stile-mestizo-del-barocco-andino","status":"publish","type":"page","link":"https:\/\/digitalhistory.unite.it\/es\/territori\/percorsi-trans-nazionali\/il-barocco-andino\/lo-stile-mestizo-del-barocco-andino\/","title":{"rendered":"Lo stile &#8220;mestizo&#8221; del Barocco andino"},"content":{"rendered":"<h1>Lo stile &#8220;mestizo&#8221; del Barocco andino <\/h1>\n<div class=\"testo\">\n<p style=\"text-align: justify\"><img loading=\"lazy\" decoding=\"async\" src=\"https:\/\/digitalhistory.unite.it\/wp-content\/uploads\/2021\/08\/catedral_cuzco__stile_mestizo_342x227.jpg\" width=\"342\" height=\"227\" alt=\"Cattedrale Cuzco, stile mestizo\" align=\"left\">Il Barocco andino, conosciuto anche come &#8220;estilo mestizo&#8221;, si diffuse nel vicereame del Per\u00fa tra la seconda met\u00e0 del XVII secolo e la fine del XVIII secolo. Si localizz\u00f2 principalmente tra la citt\u00e0 di Arequipa, nel sud dell&#8217;attuale Per\u00f9, e il lago Titicaca, da dove si diffuse sulle terre dell&#8217;altipiano. L&#8217;esempio pi\u00f9 evidente d&#8217;arte barocca andina si ritrova nell&#8217;architettura religiosa, cui gli artisti indigeni dettero un carattere particolare, cos\u00ec come accadde nel Barocco della Nuova Spagna. Anche i dipinti del periodo fatti da artisti indigeni mostrano figure religiose decorate con elementi tipicamente andini, in particolare nei tratti somatici e nei vestiti.<\/p>\n<p style=\"text-align: justify\">Nel Seicento, i densi rapporti culturali tra Italia e Spagna, segnati dall&#8217;influenza di <a href=\"\/territori\/percorsi-trans-nazionali\/pittura-barocca\/ritratto-francesco-i\/caravaggio\/\" title=\"Caravaggio\">Caravaggio<\/a>, portarono l&#8217;ambiente artistico spagnolo ad abbandonare la tradizione rinascimentale e l&#8217;estetica manierista. A <a href=\"\/territori\/percorsi-regionali\/storia-araba-e-gusto-barocco\/valencia\/valencia\/\" title=\"Valencia\">Valencia<\/a>, come a <a href=\"\/temi\/feste-e-rituali\/i-giganti-in-spagna\/siviglia\/\" title=\"Siviglia\">Siviglia<\/a>, diversi artisti iniziarono a sovrapporre elementi naturalistici alla struttura manierista e su quest&#8217;esperienza si formarono sia <a href=\"\/territori\/percorsi-trans-nazionali\/statue-equestri-di-sovrani-spagnoli\/filippo-iv-e-la-plaza-de-oriente-a-madrid\/diego-velazquez\/\" title=\"Diego Velazquez\">Diego Vel\u00e1zquez<\/a> sia <a href=\"\/territori\/percorsi-trans-nazionali\/pittura-barocca\/zurbaran\/\" title=\"Zurbar\u00e1n\">Francisco de Zurbar\u00e1n<\/a>. L&#8217;arrivo di vari dipinti di quest&#8217;ultimo nel vicereame del Per\u00f9, nonch\u00e9 della raccolta di stampe commissionate dalla Spagna a varie botteghe fiamminghe, port\u00f2 il Barocco in Sudamerica. Tra il 1600 e il 1630 si svilupp\u00f2 la tendenza a dare un linguaggio formale omogeneo alle varie rappresentazioni artistiche che potevano contenere temi che andavano dalla cultura greco-latina ai simboli preispanici, passando per tutti i motivi cristiani introdotti in America. In questo modo, all&#8217;interno di canoni provenienti dalla penisola iberica, con reminiscenze gotiche e dell&#8217;arte&nbsp;<a href=\"#\" class=\"tooltip yellow-tooltip\"><em>mud\u00e9jar<\/em><span>L&#8217;arte <em>mud\u00e9jar<\/em> si diffuse nella penisola iberica subito dopo la fine del dominio mussulmano di <em>al-Andalus<\/em>. Essa consiste nell&#8217;incorporazione di elementi di ispirazione araba nel nuovo stile cristiano. Il pi\u00f9 celebre esempio di arte <em>mud\u00e9jar<\/em> e l&#8217;<em>Alc\u00e1zar<\/em> di Siviglia.<\/span><\/a> e le inflessioni riprese dall&#8217;arte italiana e fiamminga, si ricompresero temi autoctoni.<\/p>\n<p style=\"text-align: justify\">Una delle principali caratteristiche del Barocco americano e andino \u00e8 l&#8217;importanza acquisita dall&#8217;architettura. Ci\u00f2 si deve alla necessit\u00e0 di creare chiese per accogliere le popolazioni cristianizzate da poco tempo. L&#8217;originalit\u00e0 dello stile barocco andino sta anche nella decorazione, i cui temi principali s&#8217;informarono alla flora e alla fauna tropicale, a motivi manieristi come sirene e maschere, a elementi cristiani prerinascimentali. Le sirene, tra l&#8217;altro, pur essendo un elemento dell&#8217;antichit\u00e0 classica, ricordano la tradizione indigena delle donne-pesce presenti in alcuni miti fondativi. (foto: la cattedrale di Cuzco, tipico esempio di <em>estilo mestizo<\/em>).<\/p>\n<p style=\"text-align: justify\"><a href=\"\/territori\/percorsi-trans-nazionali\/il-barocco-andino\/angelino-medoro\/\" title=\"Angelino Medoro\">&lt;&lt;&lt;&#8212;pagina precedente<\/a> &nbsp; <a href=\"\/territori\/percorsi-trans-nazionali\/il-barocco-andino\/le-diverse-versioni-del-barocco-andino\/\" title=\"Le diverse versioni del Barocco andino\">pagina seguente&#8212;&gt;&gt;&gt;<\/a><\/p>\n<\/div>\n<p><\/p>\n","protected":false},"excerpt":{"rendered":"<p>Lo stile &#8220;mestizo&#8221; del Barocco andino Il Barocco andino, conosciuto anche come &#8220;estilo mestizo&#8221;, si diffuse nel vicereame del Per\u00fa tra la seconda met\u00e0 del XVII secolo e la fine del XVIII secolo. Si localizz\u00f2 principalmente tra la citt\u00e0 di Arequipa, nel sud dell&#8217;attuale Per\u00f9,&hellip;<\/p>\n","protected":false},"author":1,"featured_media":0,"parent":6983,"menu_order":0,"comment_status":"closed","ping_status":"closed","template":"","meta":{"footnotes":""},"class_list":["post-6085","page","type-page","status-publish","hentry"],"_links":{"self":[{"href":"https:\/\/digitalhistory.unite.it\/es\/wp-json\/wp\/v2\/pages\/6085","targetHints":{"allow":["GET"]}}],"collection":[{"href":"https:\/\/digitalhistory.unite.it\/es\/wp-json\/wp\/v2\/pages"}],"about":[{"href":"https:\/\/digitalhistory.unite.it\/es\/wp-json\/wp\/v2\/types\/page"}],"author":[{"embeddable":true,"href":"https:\/\/digitalhistory.unite.it\/es\/wp-json\/wp\/v2\/users\/1"}],"replies":[{"embeddable":true,"href":"https:\/\/digitalhistory.unite.it\/es\/wp-json\/wp\/v2\/comments?post=6085"}],"version-history":[{"count":3,"href":"https:\/\/digitalhistory.unite.it\/es\/wp-json\/wp\/v2\/pages\/6085\/revisions"}],"predecessor-version":[{"id":10878,"href":"https:\/\/digitalhistory.unite.it\/es\/wp-json\/wp\/v2\/pages\/6085\/revisions\/10878"}],"up":[{"embeddable":true,"href":"https:\/\/digitalhistory.unite.it\/es\/wp-json\/wp\/v2\/pages\/6983"}],"wp:attachment":[{"href":"https:\/\/digitalhistory.unite.it\/es\/wp-json\/wp\/v2\/media?parent=6085"}],"curies":[{"name":"wp","href":"https:\/\/api.w.org\/{rel}","templated":true}]}}