{"id":7450,"date":"2021-08-20T00:04:37","date_gmt":"2021-08-19T22:04:37","guid":{"rendered":"https:\/\/digitalhistory.unite.it\/domingo-beltran-de-otazu\/"},"modified":"2021-11-23T17:45:15","modified_gmt":"2021-11-23T16:45:15","slug":"domingo-beltran-de-otazu","status":"publish","type":"page","link":"https:\/\/digitalhistory.unite.it\/es\/territorios\/itinerarios-urbanos\/alcala\/ermita\/domingo-beltran-de-otazu\/","title":{"rendered":"Domingo Beltr\u00e1n de Otazu"},"content":{"rendered":"<h1>Domingo Beltr\u00e1n de Otazu <\/h1>\n<div class=\"testo\">\n<p style=\"text-align: justify\">Domingo Beltr\u00e1n de Otazu S.I. naci\u00f3 en Vitoria en 1535, ingres\u00f3 en la Compa\u00f1\u00eda en el colegio de Alcal\u00e1 en 1561. Dada su maestr\u00eda con la imaginer\u00eda solicit\u00f3 al General en 1568 marcharse a Roma para perfeccionar su t\u00e9cnica en Italia. Al regresar de all\u00ed trabaj\u00f3 en Murcia donde se hab\u00eda fundado un colegio y una iglesia jesuita bajo la advocaci\u00f3n de San Estaban, protom\u00e1rtir, que hab\u00eda sido obispo de Cartagena. Esculpi\u00f3 entonces las tallas de escultura situadas en los nichos del retablo de San Esteban. En ellas se muestra el clasicismo aprendido en Italia. En Madrid, el prestigio que obtuvo con su trabajo le granje\u00f3 una gran popularidad en la Corte, deseando Felipe II que trabajara en El Escorial e ingresara all\u00ed en los Jer\u00f3nimos. Alertados, los superiores de la Compa\u00f1\u00eda decidieron alejarlo de la Corte y enviarlo a un lugar m\u00e1s tranquilo, y por estos a\u00f1os Beltr\u00e1n se traslad\u00f3 al colegio de Alcal\u00e1 (1587) donde tallar\u00eda la imagen del Cristo de los Doctrinos y le vino la muerte el 27 de abril de 1590.<\/p>\n<p style=\"text-align: justify\">Para leer m\u00e1s:<\/p>\n<ul>\n<li style=\"text-align: justify\">Marchamalo S\u00e1nchez, <em>Historia de la ermita, cofrad\u00eda y efigie del Cristo Universitario de los Doctrinos de Alcal\u00e1 de Henares,<\/em> Guadalajara 2011.<\/li>\n<\/ul><\/div>\n<p><\/p>\n","protected":false},"excerpt":{"rendered":"<p>Domingo Beltr\u00e1n de Otazu Domingo Beltr\u00e1n de Otazu S.I. naci\u00f3 en Vitoria en 1535, ingres\u00f3 en la Compa\u00f1\u00eda en el colegio de Alcal\u00e1 en 1561. Dada su maestr\u00eda con la imaginer\u00eda solicit\u00f3 al General en 1568 marcharse a Roma para perfeccionar su t\u00e9cnica en Italia.&hellip;<\/p>\n","protected":false},"author":1,"featured_media":0,"parent":6636,"menu_order":0,"comment_status":"closed","ping_status":"closed","template":"","meta":{"footnotes":""},"class_list":["post-7450","page","type-page","status-publish","hentry"],"_links":{"self":[{"href":"https:\/\/digitalhistory.unite.it\/es\/wp-json\/wp\/v2\/pages\/7450","targetHints":{"allow":["GET"]}}],"collection":[{"href":"https:\/\/digitalhistory.unite.it\/es\/wp-json\/wp\/v2\/pages"}],"about":[{"href":"https:\/\/digitalhistory.unite.it\/es\/wp-json\/wp\/v2\/types\/page"}],"author":[{"embeddable":true,"href":"https:\/\/digitalhistory.unite.it\/es\/wp-json\/wp\/v2\/users\/1"}],"replies":[{"embeddable":true,"href":"https:\/\/digitalhistory.unite.it\/es\/wp-json\/wp\/v2\/comments?post=7450"}],"version-history":[{"count":2,"href":"https:\/\/digitalhistory.unite.it\/es\/wp-json\/wp\/v2\/pages\/7450\/revisions"}],"predecessor-version":[{"id":12105,"href":"https:\/\/digitalhistory.unite.it\/es\/wp-json\/wp\/v2\/pages\/7450\/revisions\/12105"}],"up":[{"embeddable":true,"href":"https:\/\/digitalhistory.unite.it\/es\/wp-json\/wp\/v2\/pages\/6636"}],"wp:attachment":[{"href":"https:\/\/digitalhistory.unite.it\/es\/wp-json\/wp\/v2\/media?parent=7450"}],"curies":[{"name":"wp","href":"https:\/\/api.w.org\/{rel}","templated":true}]}}