{"id":7451,"date":"2021-08-20T00:04:37","date_gmt":"2021-08-19T22:04:37","guid":{"rendered":"https:\/\/digitalhistory.unite.it\/juan-de-mariana\/"},"modified":"2021-11-23T17:45:14","modified_gmt":"2021-11-23T16:45:14","slug":"juan-de-mariana","status":"publish","type":"page","link":"https:\/\/digitalhistory.unite.it\/es\/territorios\/itinerarios-urbanos\/alcala\/colegio-maximo\/juan-de-mariana\/","title":{"rendered":"Juan de Mariana"},"content":{"rendered":"<h1>Juan de Mariana <\/h1>\n<div class=\"testo\">\n<p style=\"text-align: justify\">Juan de Mariana fue te\u00f3logo e historiador de la Compa\u00f1\u00eda de Jes\u00fas. Naci\u00f3 en Talavera de la Reina en 1526, estudi\u00f3 en Alcal\u00e1 de Henares donde conoci\u00f3 a los jesuitas y se inclin\u00f3 por ingresar en la Compa\u00f1\u00eda. Adem\u00e1s de ser uno de los escritores m\u00e1s importantes del Siglo de Oro espa\u00f1ol, fue rector de diversos colegios jesuitas como Loreto, Mesina, etc. Entre sus obras m\u00e1s importantes destaca <em>Historiae de rebus Hispaniae<\/em> (1592), en la que interpretaba la Historia de Espa\u00f1a, y la pol\u00e9mica <em>De Rege et Regis Institutione<\/em> (1599), en la que justifica el tiranicidio ante un mal gobierno. Falleci\u00f3 en Toledo en 1624.<\/p>\n<p style=\"text-align: justify\">Para leer m\u00e1s:<\/p>\n<ul>\n<li style=\"text-align: justify\">J. Barba-Mart\u00edn, <em>Las dos&nbsp; historias de J. de Mariana<\/em>, en&nbsp;\u00abEstudios\u00bb, 29 (1992), pp. 51-70.<\/li>\n<li style=\"text-align: justify\">J. Maiso Gonz\u00e1lez, <em>Momento historiogr\u00e1fico en que aparece la Historia de Juan de Mariana<\/em>, en <em>Homenaje a Antonio de B\u00e9thencourt Massieu,<\/em> Las Palmas de Gran Canaria 1995, vol. II, pp. 321-336.<\/li>\n<li style=\"text-align: justify\">F. Centenera S\u00e1nchez-Seco, <em>El pensamiento filos\u00f3fico-pol\u00edtico de Juan de Mariana en el tratado De rege et regis institutione<\/em>, en L. Garc\u00eda San Miguel (ed.), <em>Filosof\u00eda pol\u00edtica: las grandes obras,<\/em> 2006, pp. 371-386.<\/li>\n<\/ul><\/div>\n<p><\/p>\n","protected":false},"excerpt":{"rendered":"<p>Juan de Mariana Juan de Mariana fue te\u00f3logo e historiador de la Compa\u00f1\u00eda de Jes\u00fas. Naci\u00f3 en Talavera de la Reina en 1526, estudi\u00f3 en Alcal\u00e1 de Henares donde conoci\u00f3 a los jesuitas y se inclin\u00f3 por ingresar en la Compa\u00f1\u00eda. Adem\u00e1s de ser uno&hellip;<\/p>\n","protected":false},"author":1,"featured_media":0,"parent":6637,"menu_order":0,"comment_status":"closed","ping_status":"closed","template":"","meta":{"footnotes":""},"class_list":["post-7451","page","type-page","status-publish","hentry"],"_links":{"self":[{"href":"https:\/\/digitalhistory.unite.it\/es\/wp-json\/wp\/v2\/pages\/7451","targetHints":{"allow":["GET"]}}],"collection":[{"href":"https:\/\/digitalhistory.unite.it\/es\/wp-json\/wp\/v2\/pages"}],"about":[{"href":"https:\/\/digitalhistory.unite.it\/es\/wp-json\/wp\/v2\/types\/page"}],"author":[{"embeddable":true,"href":"https:\/\/digitalhistory.unite.it\/es\/wp-json\/wp\/v2\/users\/1"}],"replies":[{"embeddable":true,"href":"https:\/\/digitalhistory.unite.it\/es\/wp-json\/wp\/v2\/comments?post=7451"}],"version-history":[{"count":2,"href":"https:\/\/digitalhistory.unite.it\/es\/wp-json\/wp\/v2\/pages\/7451\/revisions"}],"predecessor-version":[{"id":12096,"href":"https:\/\/digitalhistory.unite.it\/es\/wp-json\/wp\/v2\/pages\/7451\/revisions\/12096"}],"up":[{"embeddable":true,"href":"https:\/\/digitalhistory.unite.it\/es\/wp-json\/wp\/v2\/pages\/6637"}],"wp:attachment":[{"href":"https:\/\/digitalhistory.unite.it\/es\/wp-json\/wp\/v2\/media?parent=7451"}],"curies":[{"name":"wp","href":"https:\/\/api.w.org\/{rel}","templated":true}]}}